{"id":49,"date":"2017-12-03T23:19:03","date_gmt":"2017-12-03T23:19:03","guid":{"rendered":"http:\/\/import.themovation.com\/bellevue2\/chalet\/?page_id=791"},"modified":"2025-06-16T08:32:28","modified_gmt":"2025-06-16T06:32:28","slug":"nos-gites-et-notre-salle-en-ardeche","status":"publish","type":"page","link":"https:\/\/www.gites-labuissonniere.com\/fr\/nos-gites-et-notre-salle-en-ardeche\/","title":{"rendered":"Nos g\u00eetes et notre salle"},"content":{"rendered":"\t\t<div data-elementor-type=\"wp-page\" data-elementor-id=\"49\" class=\"elementor elementor-49\" data-elementor-post-type=\"page\">\n\t\t\t\t\t\t<section class=\"elementor-section elementor-top-section elementor-element elementor-element-3abe1d47 elementor-section-full_width elementor-section-height-min-height elementor-section-height-default elementor-section-items-middle\" data-id=\"3abe1d47\" data-element_type=\"section\" data-e-type=\"section\" data-settings=\"{&quot;background_background&quot;:&quot;classic&quot;}\">\n\t\t\t\t\t\t\t<div class=\"elementor-background-overlay\"><\/div>\n\t\t\t\t\t\t\t<div class=\"elementor-container elementor-column-gap-default\">\n\t\t\t\t\t<div class=\"elementor-column elementor-col-100 elementor-top-column elementor-element elementor-element-1cd780e3\" data-id=\"1cd780e3\" data-element_type=\"column\" data-e-type=\"column\">\n\t\t\t<div class=\"elementor-widget-wrap elementor-element-populated\">\n\t\t\t\t\t\t<div class=\"elementor-element elementor-element-367392ab elementor-widget elementor-widget-spacer\" data-id=\"367392ab\" data-element_type=\"widget\" data-e-type=\"widget\" data-widget_type=\"spacer.default\">\n\t\t\t\t<div class=\"elementor-widget-container\">\n\t\t\t\t\t\t\t<div class=\"elementor-spacer\">\n\t\t\t<div class=\"elementor-spacer-inner\"><\/div>\n\t\t<\/div>\n\t\t\t\t\t\t<\/div>\n\t\t\t\t<\/div>\n\t\t\t\t<div class=\"elementor-element elementor-element-2745faf1 elementor-view-default elementor-position-top elementor-invisible elementor-widget elementor-widget-themo-header\" data-id=\"2745faf1\" data-element_type=\"widget\" data-e-type=\"widget\" data-settings=\"{&quot;_animation&quot;:&quot;fadeIn&quot;}\" data-widget_type=\"themo-header.default\">\n\t\t\t\t<div class=\"elementor-widget-container\">\n\t\t\t\t\t\t\t<div class=\"th-header-wrap\">\n        <div class=\"elementor-icon-box-wrapper \">\n                            <div class=\"elementor-icon-box-content\">\n                    <h1 class=\"elementor-icon-box-title\">\n                        Nos g\u00eetes et la salle                    <\/h1>\n                                        <p class=\"elementor-icon-box-description\">Capacit\u00e9 de 2 \u00e0 24 personnes-ouvert toute l\u2019ann\u00e9e\n<\/p>\n\n                                    <\/div>\n            <\/div>\n\n        <\/div>\n\n\t\t\t\t\t\t<\/div>\n\t\t\t\t<\/div>\n\t\t\t\t\t<\/div>\n\t\t<\/div>\n\t\t\t\t\t<\/div>\n\t\t<\/section>\n\t\t\t\t<section class=\"elementor-section elementor-top-section elementor-element elementor-element-4d8255d9 elementor-section-boxed elementor-section-height-default elementor-section-height-default\" data-id=\"4d8255d9\" data-element_type=\"section\" data-e-type=\"section\" data-settings=\"{&quot;background_background&quot;:&quot;classic&quot;}\">\n\t\t\t\t\t\t<div class=\"elementor-container elementor-column-gap-default\">\n\t\t\t\t\t<div class=\"elementor-column elementor-col-100 elementor-top-column elementor-element elementor-element-606d91cb\" data-id=\"606d91cb\" data-element_type=\"column\" data-e-type=\"column\">\n\t\t\t<div class=\"elementor-widget-wrap elementor-element-populated\">\n\t\t\t\t\t\t<div class=\"elementor-element elementor-element-22c61ed4 elementor-widget elementor-widget-spacer\" data-id=\"22c61ed4\" data-element_type=\"widget\" data-e-type=\"widget\" data-widget_type=\"spacer.default\">\n\t\t\t\t<div class=\"elementor-widget-container\">\n\t\t\t\t\t\t\t<div class=\"elementor-spacer\">\n\t\t\t<div class=\"elementor-spacer-inner\"><\/div>\n\t\t<\/div>\n\t\t\t\t\t\t<\/div>\n\t\t\t\t<\/div>\n\t\t\t\t<div class=\"elementor-element elementor-element-6dd8edcd elementor-view-default elementor-position-top elementor-widget elementor-widget-themo-header\" data-id=\"6dd8edcd\" data-element_type=\"widget\" data-e-type=\"widget\" data-widget_type=\"themo-header.default\">\n\t\t\t\t<div class=\"elementor-widget-container\">\n\t\t\t\t\t\t\t<div class=\"th-header-wrap\">\n        <div class=\"elementor-icon-box-wrapper \">\n                            <div class=\"elementor-icon-box-content\">\n                    <h2 class=\"elementor-icon-box-title\">\n                        Nos g\u00eetes                    <\/h2>\n                                            <span class=\"th-header-divider\"><\/span>\n                                        <p class=\"elementor-icon-box-description\">Choisissez parmi nos 3 g\u00eetes et notre g\u00eete\/salle Le Bilboquet.\nChaque g\u00eete dispose d\u2019une terrasse privative expos\u00e9e plein sud.\n\nDeux formules pour vous recevoir :\n- Location de chaque site de mani\u00e8re ind\u00e9pendante\n- Louer l'ensemble des 3 g\u00eetes et la salle<\/p>\n\n                                    <\/div>\n            <\/div>\n\n        <\/div>\n\n\t\t\t\t\t\t<\/div>\n\t\t\t\t<\/div>\n\t\t\t\t<div class=\"elementor-element elementor-element-0a7dfb6 elementor-widget elementor-widget-spacer\" data-id=\"0a7dfb6\" data-element_type=\"widget\" data-e-type=\"widget\" data-widget_type=\"spacer.default\">\n\t\t\t\t<div class=\"elementor-widget-container\">\n\t\t\t\t\t\t\t<div class=\"elementor-spacer\">\n\t\t\t<div class=\"elementor-spacer-inner\"><\/div>\n\t\t<\/div>\n\t\t\t\t\t\t<\/div>\n\t\t\t\t<\/div>\n\t\t\t\t<div class=\"elementor-element elementor-element-6d8b6461 elementor-widget elementor-widget-spacer\" data-id=\"6d8b6461\" data-element_type=\"widget\" data-e-type=\"widget\" data-widget_type=\"spacer.default\">\n\t\t\t\t<div class=\"elementor-widget-container\">\n\t\t\t\t\t\t\t<div class=\"elementor-spacer\">\n\t\t\t<div class=\"elementor-spacer-inner\"><\/div>\n\t\t<\/div>\n\t\t\t\t\t\t<\/div>\n\t\t\t\t<\/div>\n\t\t\t\t\t<\/div>\n\t\t<\/div>\n\t\t\t\t\t<\/div>\n\t\t<\/section>\n\t\t\t\t<section class=\"elementor-section elementor-top-section elementor-element elementor-element-46d8da9 elementor-section-boxed elementor-section-height-default elementor-section-height-default\" data-id=\"46d8da9\" data-element_type=\"section\" data-e-type=\"section\">\n\t\t\t\t\t\t<div class=\"elementor-container elementor-column-gap-default\">\n\t\t\t\t\t<div class=\"elementor-column elementor-col-100 elementor-top-column elementor-element elementor-element-29d5337\" data-id=\"29d5337\" data-element_type=\"column\" data-e-type=\"column\">\n\t\t\t<div class=\"elementor-widget-wrap elementor-element-populated\">\n\t\t\t\t\t\t<div class=\"elementor-element elementor-element-785a45b elementor-widget elementor-widget-text-editor\" data-id=\"785a45b\" data-element_type=\"widget\" data-e-type=\"widget\" data-widget_type=\"text-editor.default\">\n\t\t\t\t<div class=\"elementor-widget-container\">\n\t\t\t\t\t\t\t\t\t<p><strong>A votre disposition et \u00e0 partager entre tous les vacanciers :<\/strong><\/p><ul><li style=\"font-weight: 400;\"><span style=\"font-weight: 400;\">U<\/span><span style=\"font-weight: 400;\">n espace piscine s\u00e9curis\u00e9 avec un bassin de 8X4 profondeur 1.50m.\u00a0<\/span>Pour plus de confort et une baignade agr\u00e9able l\u2019eau est chauff\u00e9e. La piscine est accessible de mai \u00e0 septembre.<\/li><\/ul><ul><li style=\"font-weight: 400;\"><span style=\"font-weight: 400;\">L<\/span><span style=\"font-weight: 400;\">\u2019ancien pr\u00e9au de l\u2019\u00e9cole offre la possibilit\u00e9 de se mettre \u00e0 l\u2019ombre au bord de la piscine pendant les heures les plus chaudes.\u00a0<\/span>Transats, tables et chaises sont <b><i>\u00e0 votre disposition.<\/i><\/b><\/li><\/ul><ul><li style=\"font-weight: 400;\"><span style=\"font-weight: 400;\">Des espace de jeux pour tous les \u00e2ges et tous les go\u00fbts.\u00a0<\/span>Ping-pong et Baby-Foot pour les plus sportifs et petite cuisine pour les futurs chefs.<\/li><li style=\"font-weight: 400;\"><span style=\"font-weight: 400;\">U<\/span><span style=\"font-weight: 400;\">ne partie de la cour peut servir pour garer les voitures mais aussi pour les parties de <\/span><span style=\"font-weight: 400;\">P\u00e9tanque.<\/span><\/li><\/ul><ul><li style=\"font-weight: 400;\"><span style=\"font-weight: 400;\">L\u2019entr\u00e9e : Dans le couloir d\u2019entr\u00e9e des g\u00eetes de la documentation sur l\u2019Ard\u00e8che et les activit\u00e9s sont <\/span><b><i>\u00e0 votre disposition<\/i><\/b><span style=\"font-weight: 400;\">.<\/span><\/li><li style=\"font-weight: 400;\"><span style=\"font-weight: 400;\">Un tableau noir pour les plus studieux.<\/span><\/li><li style=\"font-weight: 400;\"><span style=\"font-weight: 400;\">Machine \u00e0 laver le linge en libre service.<\/span><\/li><\/ul><p><span style=\"font-weight: 400;\">Si vous r\u00e9servez les trois g\u00eetes Marelle, Chat perch\u00e9, Colin Maillard et la salle Bilboquet pour votre s\u00e9jour en Ard\u00e8che tous les diff\u00e9rents espaces vous seront exclusifs.<\/span><\/p><p><strong>Horaires d\u2019arriv\u00e9e et de d\u00e9part :<\/strong><\/p><p><span style=\"font-weight: 400;\">Pour une location \u00e0 la semaine l\u2019arriv\u00e9e se fait apr\u00e8s 16 heures et le d\u00e9part avant 10 heures.<\/span><\/p><p><span style=\"font-weight: 400;\">Pour <\/span><span style=\"font-weight: 400;\">une r\u00e9servation week-end ou <\/span><span style=\"font-weight: 400;\">de <\/span><span style=\"font-weight: 400;\">quelques jours <\/span><span style=\"font-weight: 400;\">il est possible de nous organiser pour<\/span> <span style=\"font-weight: 400;\">arriver et partir \u00e0 toutes heures.<\/span><\/p><p><strong>Compris dans le tarif de location :<\/strong><\/p><p><span style=\"font-weight: 400;\">Le tarif de location comprend, le chauffage, l\u2019eau et l&rsquo;\u00e9lectricit\u00e9. Les draps et serviettes de toilettes sont \u00e0 disposition. (les serviettes de plage ne sont pas fournies).<\/span><\/p><p><span style=\"font-weight: 400;\">Mise \u00e0 disposition gracieuse de lit de b\u00e9b\u00e9 et chaise haute si besoin.<\/span><\/p><p><span style=\"font-weight: 400;\">La taxe de s\u00e9jour n&rsquo;est pas incluse<\/span><\/p><p><span style=\"font-weight: 400;\">\u00a0<\/span><\/p><p><strong>Le m\u00e9nage :<\/strong><\/p><ul><li style=\"font-weight: 400;\"><span style=\"font-weight: 400;\">Le m\u00e9nage de fin de s\u00e9jour est de 60 euros par g\u00eete, 200 euros pour toute la structure, 100 euros pour la salle des f\u00eates.<\/span><\/li><\/ul>\t\t\t\t\t\t\t\t<\/div>\n\t\t\t\t<\/div>\n\t\t\t\t<div class=\"elementor-element elementor-element-0d0958a elementor-widget elementor-widget-spacer\" data-id=\"0d0958a\" data-element_type=\"widget\" data-e-type=\"widget\" data-widget_type=\"spacer.default\">\n\t\t\t\t<div class=\"elementor-widget-container\">\n\t\t\t\t\t\t\t<div class=\"elementor-spacer\">\n\t\t\t<div class=\"elementor-spacer-inner\"><\/div>\n\t\t<\/div>\n\t\t\t\t\t\t<\/div>\n\t\t\t\t<\/div>\n\t\t\t\t\t<\/div>\n\t\t<\/div>\n\t\t\t\t\t<\/div>\n\t\t<\/section>\n\t\t\t\t<\/div>\n\t\t","protected":false},"excerpt":{"rendered":"<p>Nos g\u00eetes et la salle Capacit\u00e9 de 2 \u00e0 24 personnes-ouvert toute l\u2019ann\u00e9e Nos g\u00eetes Choisissez parmi nos 3 g\u00eetes et notre g\u00eete\/salle Le Bilboquet. Chaque g\u00eete dispose d\u2019une terrasse privative expos\u00e9e plein sud. Deux formules pour vous recevoir : &hellip; <a href=\"https:\/\/www.gites-labuissonniere.com\/fr\/nos-gites-et-notre-salle-en-ardeche\/\">Read More<\/a><\/p>\n","protected":false},"author":1,"featured_media":0,"parent":0,"menu_order":21,"comment_status":"closed","ping_status":"closed","template":"","meta":{"footnotes":""},"class_list":["post-49","page","type-page","status-publish","hentry"],"yoast_head":"<!-- This site is optimized with the Yoast SEO plugin v27.2 - https:\/\/yoast.com\/product\/yoast-seo-wordpress\/ -->\n<title>Nos g\u00eetes et notre salle - Les G\u00eetes de la Buissonni\u00e8re<\/title>\n<meta name=\"robots\" content=\"index, follow, max-snippet:-1, max-image-preview:large, max-video-preview:-1\" \/>\n<link rel=\"canonical\" href=\"https:\/\/www.gites-labuissonniere.com\/fr\/nos-gites-et-notre-salle-en-ardeche\/\" \/>\n<meta property=\"og:locale\" content=\"fr_FR\" \/>\n<meta property=\"og:type\" content=\"article\" \/>\n<meta property=\"og:title\" content=\"Nos g\u00eetes et notre salle - Les G\u00eetes de la Buissonni\u00e8re\" \/>\n<meta property=\"og:description\" content=\"Nos g\u00eetes et la salle Capacit\u00e9 de 2 \u00e0 24 personnes-ouvert toute l\u2019ann\u00e9e Nos g\u00eetes Choisissez parmi nos 3 g\u00eetes et notre g\u00eete\/salle Le Bilboquet. Chaque g\u00eete dispose d\u2019une terrasse privative expos\u00e9e plein sud. Deux formules pour vous recevoir : &hellip; Read More\" \/>\n<meta property=\"og:url\" content=\"https:\/\/www.gites-labuissonniere.com\/fr\/nos-gites-et-notre-salle-en-ardeche\/\" \/>\n<meta property=\"og:site_name\" content=\"Les G\u00eetes de la Buissonni\u00e8re\" \/>\n<meta property=\"article:modified_time\" content=\"2025-06-16T06:32:28+00:00\" \/>\n<meta name=\"twitter:card\" content=\"summary_large_image\" \/>\n<meta name=\"twitter:label1\" content=\"Dur\u00e9e de lecture estim\u00e9e\" \/>\n\t<meta name=\"twitter:data1\" content=\"2 minutes\" \/>\n<script type=\"application\/ld+json\" class=\"yoast-schema-graph\">{\"@context\":\"https:\/\/schema.org\",\"@graph\":[{\"@type\":\"WebPage\",\"@id\":\"https:\/\/www.gites-labuissonniere.com\/fr\/nos-gites-et-notre-salle-en-ardeche\/\",\"url\":\"https:\/\/www.gites-labuissonniere.com\/fr\/nos-gites-et-notre-salle-en-ardeche\/\",\"name\":\"Nos g\u00eetes et notre salle - Les G\u00eetes de la Buissonni\u00e8re\",\"isPartOf\":{\"@id\":\"https:\/\/www.gites-labuissonniere.com\/fr\/#website\"},\"datePublished\":\"2017-12-03T23:19:03+00:00\",\"dateModified\":\"2025-06-16T06:32:28+00:00\",\"breadcrumb\":{\"@id\":\"https:\/\/www.gites-labuissonniere.com\/fr\/nos-gites-et-notre-salle-en-ardeche\/#breadcrumb\"},\"inLanguage\":\"fr-FR\",\"potentialAction\":[{\"@type\":\"ReadAction\",\"target\":[\"https:\/\/www.gites-labuissonniere.com\/fr\/nos-gites-et-notre-salle-en-ardeche\/\"]}]},{\"@type\":\"BreadcrumbList\",\"@id\":\"https:\/\/www.gites-labuissonniere.com\/fr\/nos-gites-et-notre-salle-en-ardeche\/#breadcrumb\",\"itemListElement\":[{\"@type\":\"ListItem\",\"position\":1,\"name\":\"Accueil\",\"item\":\"https:\/\/www.gites-labuissonniere.com\/fr\/\"},{\"@type\":\"ListItem\",\"position\":2,\"name\":\"Nos g\u00eetes et notre salle\"}]},{\"@type\":\"WebSite\",\"@id\":\"https:\/\/www.gites-labuissonniere.com\/fr\/#website\",\"url\":\"https:\/\/www.gites-labuissonniere.com\/fr\/\",\"name\":\"Les G\u00eetes de la Buissonni\u00e8re\",\"description\":\"\",\"publisher\":{\"@id\":\"https:\/\/www.gites-labuissonniere.com\/fr\/#organization\"},\"potentialAction\":[{\"@type\":\"SearchAction\",\"target\":{\"@type\":\"EntryPoint\",\"urlTemplate\":\"https:\/\/www.gites-labuissonniere.com\/fr\/?s={search_term_string}\"},\"query-input\":{\"@type\":\"PropertyValueSpecification\",\"valueRequired\":true,\"valueName\":\"search_term_string\"}}],\"inLanguage\":\"fr-FR\"},{\"@type\":\"Organization\",\"@id\":\"https:\/\/www.gites-labuissonniere.com\/fr\/#organization\",\"name\":\"Les G\u00eetes de la Buissonni\u00e8re\",\"url\":\"https:\/\/www.gites-labuissonniere.com\/fr\/\",\"logo\":{\"@type\":\"ImageObject\",\"inLanguage\":\"fr-FR\",\"@id\":\"https:\/\/www.gites-labuissonniere.com\/fr\/#\/schema\/logo\/image\/\",\"url\":\"https:\/\/www.gites-labuissonniere.com\/wp-content\/uploads\/2020\/04\/Untitled-design-1-e1749789425456.png\",\"contentUrl\":\"https:\/\/www.gites-labuissonniere.com\/wp-content\/uploads\/2020\/04\/Untitled-design-1-e1749789425456.png\",\"width\":500,\"height\":257,\"caption\":\"Les G\u00eetes de la Buissonni\u00e8re\"},\"image\":{\"@id\":\"https:\/\/www.gites-labuissonniere.com\/fr\/#\/schema\/logo\/image\/\"}}]}<\/script>\n<!-- \/ Yoast SEO plugin. -->","yoast_head_json":{"title":"Nos g\u00eetes et notre salle - Les G\u00eetes de la Buissonni\u00e8re","robots":{"index":"index","follow":"follow","max-snippet":"max-snippet:-1","max-image-preview":"max-image-preview:large","max-video-preview":"max-video-preview:-1"},"canonical":"https:\/\/www.gites-labuissonniere.com\/fr\/nos-gites-et-notre-salle-en-ardeche\/","og_locale":"fr_FR","og_type":"article","og_title":"Nos g\u00eetes et notre salle - Les G\u00eetes de la Buissonni\u00e8re","og_description":"Nos g\u00eetes et la salle Capacit\u00e9 de 2 \u00e0 24 personnes-ouvert toute l\u2019ann\u00e9e Nos g\u00eetes Choisissez parmi nos 3 g\u00eetes et notre g\u00eete\/salle Le Bilboquet. Chaque g\u00eete dispose d\u2019une terrasse privative expos\u00e9e plein sud. Deux formules pour vous recevoir : &hellip; Read More","og_url":"https:\/\/www.gites-labuissonniere.com\/fr\/nos-gites-et-notre-salle-en-ardeche\/","og_site_name":"Les G\u00eetes de la Buissonni\u00e8re","article_modified_time":"2025-06-16T06:32:28+00:00","twitter_card":"summary_large_image","twitter_misc":{"Dur\u00e9e de lecture estim\u00e9e":"2 minutes"},"schema":{"@context":"https:\/\/schema.org","@graph":[{"@type":"WebPage","@id":"https:\/\/www.gites-labuissonniere.com\/fr\/nos-gites-et-notre-salle-en-ardeche\/","url":"https:\/\/www.gites-labuissonniere.com\/fr\/nos-gites-et-notre-salle-en-ardeche\/","name":"Nos g\u00eetes et notre salle - Les G\u00eetes de la Buissonni\u00e8re","isPartOf":{"@id":"https:\/\/www.gites-labuissonniere.com\/fr\/#website"},"datePublished":"2017-12-03T23:19:03+00:00","dateModified":"2025-06-16T06:32:28+00:00","breadcrumb":{"@id":"https:\/\/www.gites-labuissonniere.com\/fr\/nos-gites-et-notre-salle-en-ardeche\/#breadcrumb"},"inLanguage":"fr-FR","potentialAction":[{"@type":"ReadAction","target":["https:\/\/www.gites-labuissonniere.com\/fr\/nos-gites-et-notre-salle-en-ardeche\/"]}]},{"@type":"BreadcrumbList","@id":"https:\/\/www.gites-labuissonniere.com\/fr\/nos-gites-et-notre-salle-en-ardeche\/#breadcrumb","itemListElement":[{"@type":"ListItem","position":1,"name":"Accueil","item":"https:\/\/www.gites-labuissonniere.com\/fr\/"},{"@type":"ListItem","position":2,"name":"Nos g\u00eetes et notre salle"}]},{"@type":"WebSite","@id":"https:\/\/www.gites-labuissonniere.com\/fr\/#website","url":"https:\/\/www.gites-labuissonniere.com\/fr\/","name":"Les G\u00eetes de la Buissonni\u00e8re","description":"","publisher":{"@id":"https:\/\/www.gites-labuissonniere.com\/fr\/#organization"},"potentialAction":[{"@type":"SearchAction","target":{"@type":"EntryPoint","urlTemplate":"https:\/\/www.gites-labuissonniere.com\/fr\/?s={search_term_string}"},"query-input":{"@type":"PropertyValueSpecification","valueRequired":true,"valueName":"search_term_string"}}],"inLanguage":"fr-FR"},{"@type":"Organization","@id":"https:\/\/www.gites-labuissonniere.com\/fr\/#organization","name":"Les G\u00eetes de la Buissonni\u00e8re","url":"https:\/\/www.gites-labuissonniere.com\/fr\/","logo":{"@type":"ImageObject","inLanguage":"fr-FR","@id":"https:\/\/www.gites-labuissonniere.com\/fr\/#\/schema\/logo\/image\/","url":"https:\/\/www.gites-labuissonniere.com\/wp-content\/uploads\/2020\/04\/Untitled-design-1-e1749789425456.png","contentUrl":"https:\/\/www.gites-labuissonniere.com\/wp-content\/uploads\/2020\/04\/Untitled-design-1-e1749789425456.png","width":500,"height":257,"caption":"Les G\u00eetes de la Buissonni\u00e8re"},"image":{"@id":"https:\/\/www.gites-labuissonniere.com\/fr\/#\/schema\/logo\/image\/"}}]}},"_links":{"self":[{"href":"https:\/\/www.gites-labuissonniere.com\/fr\/wp-json\/wp\/v2\/pages\/49","targetHints":{"allow":["GET"]}}],"collection":[{"href":"https:\/\/www.gites-labuissonniere.com\/fr\/wp-json\/wp\/v2\/pages"}],"about":[{"href":"https:\/\/www.gites-labuissonniere.com\/fr\/wp-json\/wp\/v2\/types\/page"}],"author":[{"embeddable":true,"href":"https:\/\/www.gites-labuissonniere.com\/fr\/wp-json\/wp\/v2\/users\/1"}],"replies":[{"embeddable":true,"href":"https:\/\/www.gites-labuissonniere.com\/fr\/wp-json\/wp\/v2\/comments?post=49"}],"version-history":[{"count":17,"href":"https:\/\/www.gites-labuissonniere.com\/fr\/wp-json\/wp\/v2\/pages\/49\/revisions"}],"predecessor-version":[{"id":2058,"href":"https:\/\/www.gites-labuissonniere.com\/fr\/wp-json\/wp\/v2\/pages\/49\/revisions\/2058"}],"wp:attachment":[{"href":"https:\/\/www.gites-labuissonniere.com\/fr\/wp-json\/wp\/v2\/media?parent=49"}],"curies":[{"name":"wp","href":"https:\/\/api.w.org\/{rel}","templated":true}]}}